{"id":218,"date":"2020-03-15T19:06:24","date_gmt":"2020-03-15T19:06:24","guid":{"rendered":"http:\/\/cultivandoigualdad.org\/ci\/?page_id=218"},"modified":"2020-05-07T08:57:53","modified_gmt":"2020-05-07T08:57:53","slug":"como-actuar","status":"publish","type":"page","link":"http:\/\/cultivandoigualdad.org\/ci\/index.php\/como-actuar","title":{"rendered":"C\u00f3mo actuar"},"content":{"rendered":"\n<h3 class=\"wp-block-heading\"><strong>Encuentra los recursos m\u00e1s cercanos:<\/strong><\/h3>\n\n\n\n<div class=\"wp-block-image is-style-circle-mask\"><figure class=\"alignright size-large is-resized\"><img loading=\"lazy\" decoding=\"async\" src=\"http:\/\/cultivandoigualdad.org\/ci\/wp-content\/uploads\/2020\/03\/quechua-1024x612.jpg\" alt=\"\" class=\"wp-image-219\" width=\"366\" height=\"218\" srcset=\"http:\/\/cultivandoigualdad.org\/ci\/wp-content\/uploads\/2020\/03\/quechua-1024x612.jpg 1024w, http:\/\/cultivandoigualdad.org\/ci\/wp-content\/uploads\/2020\/03\/quechua-300x179.jpg 300w, http:\/\/cultivandoigualdad.org\/ci\/wp-content\/uploads\/2020\/03\/quechua-768x459.jpg 768w, http:\/\/cultivandoigualdad.org\/ci\/wp-content\/uploads\/2020\/03\/quechua-1536x918.jpg 1536w, http:\/\/cultivandoigualdad.org\/ci\/wp-content\/uploads\/2020\/03\/quechua-2048x1224.jpg 2048w\" sizes=\"auto, (max-width: 366px) 100vw, 366px\" \/><\/figure><\/div>\n\n\n\n<p class=\"has-text-align-left\">Si has sufrido alg\u00fan tipo de violencia por tu g\u00e9nero o tu sexualidad, o has detectado una situaci\u00f3n en tu entorno y no sabes d\u00f3nde acudir\u2026 aqu\u00ed podr\u00e1s encontrar los recursos m\u00e1s cercanos a los que acudir en estas circunstancias:<\/p>\n\n\n\n<p><a href=\"https:\/\/wrap.igualdad.mpr.gob.es\/recursos-vdg\/search\/SearchForm.action\" target=\"_blank\" rel=\"noreferrer noopener\" aria-label=\"https:\/\/wrap.igualdad.mpr.gob.es\/recursos-vdg\/search\/SearchForm.action (se abre en una nueva pesta\u00f1a)\">https:\/\/wrap.igualdad.mpr.gob.es\/recursos-vdg\/search\/SearchForm.action<\/a><\/p>\n\n\n\n<h2 class=\"wp-block-heading\"><\/h2>\n\n\n\n<a href=\"http:\/\/cultivandoigualdad.org\/ci\/index.php\/covid-19\" target=\"_blank\" rel=\"noopener noreferrer\"><img decoding=\"async\" src=\"http:\/\/cultivandoigualdad.org\/ci\/wp-content\/uploads\/2020\/04\/paloma3.jpg\"><\/a>\n\n\n\n<div class=\"wp-block-group\"><div class=\"wp-block-group__inner-container is-layout-flow wp-block-group-is-layout-flow\">\n<hr class=\"wp-block-separator is-style-wide\"\/>\n<\/div><\/div>\n\n\n\n<h3 class=\"has-text-color has-text-align-center wp-block-heading\" style=\"color:#702ab2\"><strong>\u00a1No est\u00e1s sola!<\/strong><br><strong> FADEMUR sigue contigo durante la emergencia sanitaria<\/strong><\/h3>\n\n\n\n<div class=\"wp-block-columns is-layout-flex wp-container-core-columns-is-layout-1 wp-block-columns-is-layout-flex\">\n<div class=\"wp-block-column is-layout-flow wp-block-column-is-layout-flow\">\n<figure class=\"wp-block-image size-large\"><a href=\"http:\/\/cultivandoigualdad.org\/ci\/wp-content\/uploads\/2020\/05\/V%C3%ADdeo_1_RRSS.mp4\" target=\"_blank\" rel=\"noreferrer noopener\"><img loading=\"lazy\" decoding=\"async\" width=\"1024\" height=\"600\" src=\"http:\/\/cultivandoigualdad.org\/ci\/wp-content\/uploads\/2020\/05\/sofia_-1-1024x600.png\" alt=\"\" class=\"wp-image-610\" srcset=\"http:\/\/cultivandoigualdad.org\/ci\/wp-content\/uploads\/2020\/05\/sofia_-1-1024x600.png 1024w, http:\/\/cultivandoigualdad.org\/ci\/wp-content\/uploads\/2020\/05\/sofia_-1-300x176.png 300w, http:\/\/cultivandoigualdad.org\/ci\/wp-content\/uploads\/2020\/05\/sofia_-1-768x450.png 768w, http:\/\/cultivandoigualdad.org\/ci\/wp-content\/uploads\/2020\/05\/sofia_-1-1536x900.png 1536w, http:\/\/cultivandoigualdad.org\/ci\/wp-content\/uploads\/2020\/05\/sofia_-1-2048x1200.png 2048w\" sizes=\"auto, (max-width: 1024px) 100vw, 1024px\" \/><\/a><\/figure>\n<\/div>\n\n\n\n<div class=\"wp-block-column is-layout-flow wp-block-column-is-layout-flow\">\n<figure class=\"wp-block-image size-large\"><a href=\"http:\/\/cultivandoigualdad.org\/ci\/wp-content\/uploads\/2020\/05\/V%C3%ADdeo_2_RRSS.mp4\" target=\"_blank\" rel=\"noreferrer noopener\"><img loading=\"lazy\" decoding=\"async\" width=\"1024\" height=\"600\" src=\"http:\/\/cultivandoigualdad.org\/ci\/wp-content\/uploads\/2020\/05\/marta-1-1024x600.png\" alt=\"\" class=\"wp-image-611\" srcset=\"http:\/\/cultivandoigualdad.org\/ci\/wp-content\/uploads\/2020\/05\/marta-1-1024x600.png 1024w, http:\/\/cultivandoigualdad.org\/ci\/wp-content\/uploads\/2020\/05\/marta-1-300x176.png 300w, http:\/\/cultivandoigualdad.org\/ci\/wp-content\/uploads\/2020\/05\/marta-1-768x450.png 768w, http:\/\/cultivandoigualdad.org\/ci\/wp-content\/uploads\/2020\/05\/marta-1-1536x900.png 1536w, http:\/\/cultivandoigualdad.org\/ci\/wp-content\/uploads\/2020\/05\/marta-1-2048x1200.png 2048w\" sizes=\"auto, (max-width: 1024px) 100vw, 1024px\" \/><\/a><\/figure>\n<\/div>\n<\/div>\n\n\n\n<h2 class=\"has-text-align-center wp-block-heading\"><strong>\u00bfQu\u00e9 hago si&#8230;<\/strong><\/h2>\n\n\n\n<div class=\"wp-block-columns is-layout-flex wp-container-core-columns-is-layout-2 wp-block-columns-is-layout-flex\">\n<div class=\"wp-block-column is-layout-flow wp-block-column-is-layout-flow\">\n<figure class=\"wp-block-image size-large\"><a href=\"http:\/\/cultivandoigualdad.org\/ci\/index.php\/que-hago-si-conozco-a-alguien-que-esta-sufriendo-violencia-de-genero\"><img loading=\"lazy\" decoding=\"async\" width=\"877\" height=\"1024\" src=\"http:\/\/cultivandoigualdad.org\/ci\/wp-content\/uploads\/2020\/05\/qh1-877x1024.png\" alt=\"\" class=\"wp-image-537\" srcset=\"http:\/\/cultivandoigualdad.org\/ci\/wp-content\/uploads\/2020\/05\/qh1-877x1024.png 877w, http:\/\/cultivandoigualdad.org\/ci\/wp-content\/uploads\/2020\/05\/qh1-257x300.png 257w, http:\/\/cultivandoigualdad.org\/ci\/wp-content\/uploads\/2020\/05\/qh1-768x897.png 768w, http:\/\/cultivandoigualdad.org\/ci\/wp-content\/uploads\/2020\/05\/qh1-1315x1536.png 1315w, http:\/\/cultivandoigualdad.org\/ci\/wp-content\/uploads\/2020\/05\/qh1-1753x2048.png 1753w, http:\/\/cultivandoigualdad.org\/ci\/wp-content\/uploads\/2020\/05\/qh1.png 1926w\" sizes=\"auto, (max-width: 877px) 100vw, 877px\" \/><\/a><\/figure>\n<\/div>\n\n\n\n<div class=\"wp-block-column is-layout-flow wp-block-column-is-layout-flow\">\n<figure class=\"wp-block-image size-large\"><a href=\"http:\/\/cultivandoigualdad.org\/ci\/index.php\/que-hago-si-sufro-una-agresion-sexual\"><img loading=\"lazy\" decoding=\"async\" width=\"877\" height=\"1024\" src=\"http:\/\/cultivandoigualdad.org\/ci\/wp-content\/uploads\/2020\/05\/qh2-877x1024.png\" alt=\"\" class=\"wp-image-538\" srcset=\"http:\/\/cultivandoigualdad.org\/ci\/wp-content\/uploads\/2020\/05\/qh2-877x1024.png 877w, http:\/\/cultivandoigualdad.org\/ci\/wp-content\/uploads\/2020\/05\/qh2-257x300.png 257w, http:\/\/cultivandoigualdad.org\/ci\/wp-content\/uploads\/2020\/05\/qh2-768x897.png 768w, http:\/\/cultivandoigualdad.org\/ci\/wp-content\/uploads\/2020\/05\/qh2-1315x1536.png 1315w, http:\/\/cultivandoigualdad.org\/ci\/wp-content\/uploads\/2020\/05\/qh2-1753x2048.png 1753w, http:\/\/cultivandoigualdad.org\/ci\/wp-content\/uploads\/2020\/05\/qh2.png 1926w\" sizes=\"auto, (max-width: 877px) 100vw, 877px\" \/><\/a><\/figure>\n<\/div>\n\n\n\n<div class=\"wp-block-column is-layout-flow wp-block-column-is-layout-flow\">\n<figure class=\"wp-block-image size-large\"><a href=\"http:\/\/cultivandoigualdad.org\/ci\/index.php\/que-hago-si-sufro-discriminacion-por-mi-orientacion-sexual-o-mi-identidad-de-genero\"><img loading=\"lazy\" decoding=\"async\" width=\"877\" height=\"1024\" src=\"http:\/\/cultivandoigualdad.org\/ci\/wp-content\/uploads\/2020\/05\/qh3-877x1024.png\" alt=\"\" class=\"wp-image-540\" srcset=\"http:\/\/cultivandoigualdad.org\/ci\/wp-content\/uploads\/2020\/05\/qh3-877x1024.png 877w, http:\/\/cultivandoigualdad.org\/ci\/wp-content\/uploads\/2020\/05\/qh3-257x300.png 257w, http:\/\/cultivandoigualdad.org\/ci\/wp-content\/uploads\/2020\/05\/qh3-768x897.png 768w, http:\/\/cultivandoigualdad.org\/ci\/wp-content\/uploads\/2020\/05\/qh3-1315x1536.png 1315w, http:\/\/cultivandoigualdad.org\/ci\/wp-content\/uploads\/2020\/05\/qh3-1753x2048.png 1753w, http:\/\/cultivandoigualdad.org\/ci\/wp-content\/uploads\/2020\/05\/qh3.png 1926w\" sizes=\"auto, (max-width: 877px) 100vw, 877px\" \/><\/a><\/figure>\n<\/div>\n<\/div>\n\n\n\n<h2 class=\"wp-block-heading\"><\/h2>\n\n\n\n<p class=\"has-text-align-left\"><strong>Recomendaciones sobre c\u00f3mo actuar si sufres violencia de g\u00e9nero  (malostratos.org)<\/strong> <strong>y  medidas de autoprotecci\u00f3n (Ministerio de Igualdad)<\/strong> <\/p>\n\n\n\n<br\/><br\/><br\/><figure class=\"wp-block-image size-large\"><table width=\"200\" border=\"0\">\n\n<tr>\n <td><a href=\"https:\/\/malostratos.org\/violencia-de-genero\/como-actuar-ante-violencia-de-genero\/\" target=\"_blank\" rel=\"noopener noreferrer\"><img loading=\"lazy\" decoding=\"async\" src=\"http:\/\/cultivandoigualdad.org\/ci\/wp-content\/uploads\/2020\/04\/como_actuar.jpg\" width=\"230\" height=\"80\" \/><\/a><\/td>\n\n    <td><a href=\"http:\/\/www.violenciagenero.igualdad.gob.es\/informacionUtil\/autoproteccion\/home.htm\" target=\"_blank\" rel=\"noopener noreferrer\"><img loading=\"lazy\" decoding=\"async\" src=\"http:\/\/cultivandoigualdad.org\/ci\/wp-content\/uploads\/2020\/04\/medidas-1.jpg\" width=\"230\" height=\"89\" \/><\/a><\/td>\n  <\/tr>\n<\/table><\/figure>\n","protected":false},"excerpt":{"rendered":"<p>Encuentra los recursos m\u00e1s cercanos: Si has sufrido alg\u00fan tipo de violencia por tu g\u00e9nero o tu sexualidad, o has detectado una situaci\u00f3n en tu &hellip; <\/p>\n","protected":false},"author":1,"featured_media":0,"parent":0,"menu_order":0,"comment_status":"closed","ping_status":"closed","template":"","meta":{"footnotes":""},"class_list":["post-218","page","type-page","status-publish","hentry","latest_post"],"_links":{"self":[{"href":"http:\/\/cultivandoigualdad.org\/ci\/index.php\/wp-json\/wp\/v2\/pages\/218","targetHints":{"allow":["GET"]}}],"collection":[{"href":"http:\/\/cultivandoigualdad.org\/ci\/index.php\/wp-json\/wp\/v2\/pages"}],"about":[{"href":"http:\/\/cultivandoigualdad.org\/ci\/index.php\/wp-json\/wp\/v2\/types\/page"}],"author":[{"embeddable":true,"href":"http:\/\/cultivandoigualdad.org\/ci\/index.php\/wp-json\/wp\/v2\/users\/1"}],"replies":[{"embeddable":true,"href":"http:\/\/cultivandoigualdad.org\/ci\/index.php\/wp-json\/wp\/v2\/comments?post=218"}],"version-history":[{"count":31,"href":"http:\/\/cultivandoigualdad.org\/ci\/index.php\/wp-json\/wp\/v2\/pages\/218\/revisions"}],"predecessor-version":[{"id":662,"href":"http:\/\/cultivandoigualdad.org\/ci\/index.php\/wp-json\/wp\/v2\/pages\/218\/revisions\/662"}],"wp:attachment":[{"href":"http:\/\/cultivandoigualdad.org\/ci\/index.php\/wp-json\/wp\/v2\/media?parent=218"}],"curies":[{"name":"wp","href":"https:\/\/api.w.org\/{rel}","templated":true}]}}